{"id":241,"date":"2024-09-08T20:12:57","date_gmt":"2024-09-08T20:12:57","guid":{"rendered":"https:\/\/parroquiadesantabarbara.com\/?page_id=241"},"modified":"2024-11-15T20:32:14","modified_gmt":"2024-11-15T20:32:14","slug":"repertorio-de-musica-para-la-boda","status":"publish","type":"page","link":"https:\/\/parroquiadesantabarbara.com\/?page_id=241","title":{"rendered":"Repertorio de m\u00fasica para la boda"},"content":{"rendered":"<p>[et_pb_section fb_built=\u00bb1&#8243; _builder_version=\u00bb4.16&#8243; global_colors_info=\u00bb{}\u00bb][et_pb_row _builder_version=\u00bb4.16&#8243; background_size=\u00bbinitial\u00bb background_position=\u00bbtop_left\u00bb background_repeat=\u00bbrepeat\u00bb global_colors_info=\u00bb{}\u00bb][et_pb_column type=\u00bb4_4&#8243; _builder_version=\u00bb4.16&#8243; custom_padding=\u00bb|||\u00bb global_colors_info=\u00bb{}\u00bb custom_padding__hover=\u00bb|||\u00bb][et_pb_text _builder_version=\u00bb4.27.2&#8243; _module_preset=\u00bbdefault\u00bb hover_enabled=\u00bb0&#8243; sticky_enabled=\u00bb0&#8243;]<\/p>\n<p><strong><span style=\"color: #ff0000;\">AVISO IMPORTANTE<\/span>:<span style=\"color: #ff0000;\">\u00a0Los fragmentos de las composiciones musicales aqu\u00ed ofrecidos son s\u00f3lo de car\u00e1cter orientativo y para facilitar la elecci\u00f3n de las piezas por los novios, ya que en su mayor\u00eda, son versiones no interpretadas al \u00f3rgano, instrumento con el cual se interpretar\u00e1n el d\u00eda de la celebraci\u00f3n.<\/span><\/strong><\/p>\n<p>[\/et_pb_text][et_pb_accordion toggle_icon=\u00bb&#x22;||divi||400&#8243; _builder_version=\u00bb4.27.2&#8243; _module_preset=\u00bbdefault\u00bb hover_enabled=\u00bb0&#8243; global_colors_info=\u00bb{}\u00bb sticky_enabled=\u00bb0&#8243;][et_pb_accordion_item title=\u00bbEntrada Novio\u00bb open=\u00bbon\u00bb _builder_version=\u00bb4.27.2&#8243; _module_preset=\u00bbdefault\u00bb hover_enabled=\u00bb0&#8243; global_colors_info=\u00bb{}\u00bb sticky_enabled=\u00bb0&#8243;]<\/p>\n<ol>\n<li>WaterMusic\n<audio class=\"wp-audio-shortcode\" id=\"audio-241-1\" preload=\"none\" style=\"width: 100%;\" controls=\"controls\"><source type=\"audio\/mpeg\" src=\"https:\/\/parroquiadesantabarbara.com\/wp-content\/uploads\/2024\/09\/watermusic.mp3?_=1\" \/><a href=\"https:\/\/parroquiadesantabarbara.com\/wp-content\/uploads\/2024\/09\/watermusic.mp3\">https:\/\/parroquiadesantabarbara.com\/wp-content\/uploads\/2024\/09\/watermusic.mp3<\/a><\/audio>\n<\/li>\n<li>Canon in D &#8211; Pachelbel\n<audio class=\"wp-audio-shortcode\" id=\"audio-241-2\" preload=\"none\" style=\"width: 100%;\" controls=\"controls\"><source type=\"audio\/mpeg\" src=\"https:\/\/parroquiadesantabarbara.com\/wp-content\/uploads\/2024\/09\/cannon_d.mp3?_=2\" \/><a href=\"https:\/\/parroquiadesantabarbara.com\/wp-content\/uploads\/2024\/09\/cannon_d.mp3\">https:\/\/parroquiadesantabarbara.com\/wp-content\/uploads\/2024\/09\/cannon_d.mp3<\/a><\/audio>\n<\/li>\n<li>El Coro de los peregrinos (Tanhauser) &#8211; Wagner\n<audio class=\"wp-audio-shortcode\" id=\"audio-241-3\" preload=\"none\" style=\"width: 100%;\" controls=\"controls\"><source type=\"audio\/mpeg\" src=\"https:\/\/parroquiadesantabarbara.com\/musica\/entrada%20novio\/coropergr.mp3?_=3\" \/><a href=\"https:\/\/parroquiadesantabarbara.com\/musica\/entrada%20novio\/coropergr.mp3\">https:\/\/parroquiadesantabarbara.com\/musica\/entrada%20novio\/coropergr.mp3<\/a><\/audio>\n<\/li>\n<li>Concierto n\u00ba 4 en Fa m (Der Winter) &#8211; Vivaldi\n<audio class=\"wp-audio-shortcode\" id=\"audio-241-4\" preload=\"none\" style=\"width: 100%;\" controls=\"controls\"><source type=\"audio\/mpeg\" src=\"https:\/\/parroquiadesantabarbara.com\/wp-content\/uploads\/2024\/09\/cannon_d.mp3?_=4\" \/><a href=\"https:\/\/parroquiadesantabarbara.com\/wp-content\/uploads\/2024\/09\/cannon_d.mp3\">https:\/\/parroquiadesantabarbara.com\/wp-content\/uploads\/2024\/09\/cannon_d.mp3<\/a><\/audio>\n<\/li>\n<li>Marcha del Pr\u00edncipe de Dinamarca &#8211; J. Clark\n<audio class=\"wp-audio-shortcode\" id=\"audio-241-5\" preload=\"none\" style=\"width: 100%;\" controls=\"controls\"><source type=\"audio\/mpeg\" src=\"https:\/\/parroquiadesantabarbara.com\/musica\/entrada%20novio\/principedinamarca.mp3?_=5\" \/><a href=\"https:\/\/parroquiadesantabarbara.com\/musica\/entrada%20novio\/principedinamarca.mp3\">https:\/\/parroquiadesantabarbara.com\/musica\/entrada%20novio\/principedinamarca.mp3<\/a><\/audio>\n<\/li>\n<\/ol>\n<p>[\/et_pb_accordion_item][et_pb_accordion_item title=\u00bbEntrada Novia\u00bb _builder_version=\u00bb4.27.2&#8243; _module_preset=\u00bbdefault\u00bb global_colors_info=\u00bb{}\u00bb open=\u00bboff\u00bb]<\/p>\n<ol>\n<li>Marcha nupcial &#8211; Mendelssohn\n<audio class=\"wp-audio-shortcode\" id=\"audio-241-6\" preload=\"none\" style=\"width: 100%;\" controls=\"controls\"><source type=\"audio\/mpeg\" src=\"https:\/\/parroquiadesantabarbara.com\/musica\/entrada%20novia\/mendelson_marcha_nupcial.mp3?_=6\" \/><a href=\"https:\/\/parroquiadesantabarbara.com\/musica\/entrada%20novia\/mendelson_marcha_nupcial.mp3\">https:\/\/parroquiadesantabarbara.com\/musica\/entrada%20novia\/mendelson_marcha_nupcial.mp3<\/a><\/audio>\n<\/li>\n<li>Marcha nupcial de \u00abLohengrin\u00bb &#8211; Wagner\n<audio class=\"wp-audio-shortcode\" id=\"audio-241-7\" preload=\"none\" style=\"width: 100%;\" controls=\"controls\"><source type=\"audio\/mpeg\" src=\"https:\/\/parroquiadesantabarbara.com\/musica\/entrada%20novia\/lohengrin_marcha_nupcial.mp3?_=7\" \/><a href=\"https:\/\/parroquiadesantabarbara.com\/musica\/entrada%20novia\/lohengrin_marcha_nupcial.mp3\">https:\/\/parroquiadesantabarbara.com\/musica\/entrada%20novia\/lohengrin_marcha_nupcial.mp3<\/a><\/audio>\n<\/li>\n<li>Marcha n.\u00ba 1 \u00abPompa y circunstancia\u00bb &#8211; Elgar\n<audio class=\"wp-audio-shortcode\" id=\"audio-241-8\" preload=\"none\" style=\"width: 100%;\" controls=\"controls\"><source type=\"audio\/mpeg\" src=\"https:\/\/parroquiadesantabarbara.com\/musica\/entrada%20novia\/pompa-y-circunstancia-3.mp3?_=8\" \/><a href=\"https:\/\/parroquiadesantabarbara.com\/musica\/entrada%20novia\/pompa-y-circunstancia-3.mp3\">https:\/\/parroquiadesantabarbara.com\/musica\/entrada%20novia\/pompa-y-circunstancia-3.mp3<\/a><\/audio>\n<\/li>\n<li>\u00abJes\u00fas bleibet meine Freude\u00bb Cantata 147 &#8211; J. S.\n<audio class=\"wp-audio-shortcode\" id=\"audio-241-9\" preload=\"none\" style=\"width: 100%;\" controls=\"controls\"><source type=\"audio\/mpeg\" src=\"https:\/\/parroquiadesantabarbara.com\/musica\/entrada%20novia\/cantata%20147.mp3?_=9\" \/><a href=\"https:\/\/parroquiadesantabarbara.com\/musica\/entrada%20novia\/cantata%20147.mp3\">https:\/\/parroquiadesantabarbara.com\/musica\/entrada%20novia\/cantata%20147.mp3<\/a><\/audio>\n<\/li>\n<\/ol>\n<p>[\/et_pb_accordion_item][et_pb_accordion_item title=\u00bbAleluya\u00bb _builder_version=\u00bb4.27.2&#8243; _module_preset=\u00bbdefault\u00bb global_colors_info=\u00bb{}\u00bb open=\u00bboff\u00bb]<\/p>\n<ol>\n<li>Laudate -Haendel\n<audio class=\"wp-audio-shortcode\" id=\"audio-241-10\" preload=\"none\" style=\"width: 100%;\" controls=\"controls\"><source type=\"audio\/mpeg\" src=\"https:\/\/parroquiadesantabarbara.com\/musica\/aleluya\/laudate.mp3?_=10\" \/><a href=\"https:\/\/parroquiadesantabarbara.com\/musica\/aleluya\/laudate.mp3\">https:\/\/parroquiadesantabarbara.com\/musica\/aleluya\/laudate.mp3<\/a><\/audio>\n<\/li>\n<li>Alleluya (del motete Exultate Jubilate) &#8211; Mozart\n<audio class=\"wp-audio-shortcode\" id=\"audio-241-11\" preload=\"none\" style=\"width: 100%;\" controls=\"controls\"><source type=\"audio\/mpeg\" src=\"https:\/\/parroquiadesantabarbara.com\/musica\/aleluya\/AleluyaMozart.mp3?_=11\" \/><a href=\"https:\/\/parroquiadesantabarbara.com\/musica\/aleluya\/AleluyaMozart.mp3\">https:\/\/parroquiadesantabarbara.com\/musica\/aleluya\/AleluyaMozart.mp3<\/a><\/audio>\n<\/li>\n<li>Benedicat Vobis &#8211; Haendel\n<audio class=\"wp-audio-shortcode\" id=\"audio-241-12\" preload=\"none\" style=\"width: 100%;\" controls=\"controls\"><source type=\"audio\/mpeg\" src=\"https:\/\/parroquiadesantabarbara.com\/musica\/aleluya\/benvobis.mp3?_=12\" \/><a href=\"https:\/\/parroquiadesantabarbara.com\/musica\/aleluya\/benvobis.mp3\">https:\/\/parroquiadesantabarbara.com\/musica\/aleluya\/benvobis.mp3<\/a><\/audio>\n<\/li>\n<li>Aleluya irland\u00e9s\n<audio class=\"wp-audio-shortcode\" id=\"audio-241-13\" preload=\"none\" style=\"width: 100%;\" controls=\"controls\"><source type=\"audio\/mpeg\" src=\"https:\/\/parroquiadesantabarbara.com\/musica\/aleluya\/aleluya_irlandes.mp3?_=13\" \/><a href=\"https:\/\/parroquiadesantabarbara.com\/musica\/aleluya\/aleluya_irlandes.mp3\">https:\/\/parroquiadesantabarbara.com\/musica\/aleluya\/aleluya_irlandes.mp3<\/a><\/audio>\n<\/li>\n<\/ol>\n<p>[\/et_pb_accordion_item][et_pb_accordion_item title=\u00bbConsentimiento\u00bb _builder_version=\u00bb4.27.2&#8243; _module_preset=\u00bbdefault\u00bb global_colors_info=\u00bb{}\u00bb open=\u00bboff\u00bb]<\/p>\n<ol>\n<li>Adagio &#8211; Albinoni\n<audio class=\"wp-audio-shortcode\" id=\"audio-241-14\" preload=\"none\" style=\"width: 100%;\" controls=\"controls\"><source type=\"audio\/mpeg\" src=\"https:\/\/parroquiadesantabarbara.com\/musica\/consentimiento\/adagio.mp3?_=14\" \/><a href=\"https:\/\/parroquiadesantabarbara.com\/musica\/consentimiento\/adagio.mp3\">https:\/\/parroquiadesantabarbara.com\/musica\/consentimiento\/adagio.mp3<\/a><\/audio>\n<p>&nbsp;<\/p>\n<\/li>\n<li>\n<p>Coral p. seg\u00fan S. Mateo &#8211; J. S. Bach<\/p>\n<audio class=\"wp-audio-shortcode\" id=\"audio-241-15\" preload=\"none\" style=\"width: 100%;\" controls=\"controls\"><source type=\"audio\/mpeg\" src=\"https:\/\/parroquiadesantabarbara.com\/musica\/consentimiento\/pasion_segun_san_mateo.mp3?_=15\" \/><a href=\"https:\/\/parroquiadesantabarbara.com\/musica\/consentimiento\/pasion_segun_san_mateo.mp3\">https:\/\/parroquiadesantabarbara.com\/musica\/consentimiento\/pasion_segun_san_mateo.mp3<\/a><\/audio>\n<p>&nbsp;<\/p>\n<\/li>\n<li>\n<p>Cant dells Ocells &#8211; J. Verdaguer<\/p>\n<audio class=\"wp-audio-shortcode\" id=\"audio-241-16\" preload=\"none\" style=\"width: 100%;\" controls=\"controls\"><source type=\"audio\/mpeg\" src=\"https:\/\/parroquiadesantabarbara.com\/musica\/consentimiento\/OCELLS.mp3?_=16\" \/><a href=\"https:\/\/parroquiadesantabarbara.com\/musica\/consentimiento\/OCELLS.mp3\">https:\/\/parroquiadesantabarbara.com\/musica\/consentimiento\/OCELLS.mp3<\/a><\/audio>\n<p>&nbsp;<\/p>\n<\/li>\n<li>\n<p>Coral BWV 227 &#8211; J. S. Bach<\/p>\n<audio class=\"wp-audio-shortcode\" id=\"audio-241-17\" preload=\"none\" style=\"width: 100%;\" controls=\"controls\"><source type=\"audio\/mpeg\" src=\"https:\/\/parroquiadesantabarbara.com\/musica\/consentimiento\/Bach%20227.mp3?_=17\" \/><a href=\"https:\/\/parroquiadesantabarbara.com\/musica\/consentimiento\/Bach%20227.mp3\">https:\/\/parroquiadesantabarbara.com\/musica\/consentimiento\/Bach%20227.mp3<\/a><\/audio>\n<p>&nbsp;<\/p>\n<\/li>\n<li>\n<p>Aria de la Suite en Re &#8211; J. S. Bach<\/p>\n<audio class=\"wp-audio-shortcode\" id=\"audio-241-18\" preload=\"none\" style=\"width: 100%;\" controls=\"controls\"><source type=\"audio\/mpeg\" src=\"https:\/\/parroquiadesantabarbara.com\/musica\/consentimiento\/aria%20de%20la%20suite-Bach.mp3?_=18\" \/><a href=\"https:\/\/parroquiadesantabarbara.com\/musica\/consentimiento\/aria%20de%20la%20suite-Bach.mp3\">https:\/\/parroquiadesantabarbara.com\/musica\/consentimiento\/aria%20de%20la%20suite-Bach.mp3<\/a><\/audio>\n<p>&nbsp;<\/p>\n<\/li>\n<\/ol>\n<p>[\/et_pb_accordion_item][et_pb_accordion_item title=\u00bbOfertorio\u00bb _builder_version=\u00bb4.27.2&#8243; _module_preset=\u00bbdefault\u00bb global_colors_info=\u00bb{}\u00bb open=\u00bboff\u00bb]<\/p>\n<ol>\n<li>\n<p>Lasciachio pianga \u00abRinaldo\u00bb &#8211; Haendel<\/p>\n<audio class=\"wp-audio-shortcode\" id=\"audio-241-19\" preload=\"none\" style=\"width: 100%;\" controls=\"controls\"><source type=\"audio\/mpeg\" src=\"https:\/\/parroquiadesantabarbara.com\/musica\/ofertorio\/lascia.mp3?_=19\" \/><a href=\"https:\/\/parroquiadesantabarbara.com\/musica\/ofertorio\/lascia.mp3\">https:\/\/parroquiadesantabarbara.com\/musica\/ofertorio\/lascia.mp3<\/a><\/audio>\n<p>&nbsp;<\/p>\n<\/li>\n<li>\n<p>Bist du bei mir &#8211; J. S. Bach<\/p>\n<audio class=\"wp-audio-shortcode\" id=\"audio-241-20\" preload=\"none\" style=\"width: 100%;\" controls=\"controls\"><source type=\"audio\/mpeg\" src=\"https:\/\/parroquiadesantabarbara.com\/musica\/ofertorio\/bach_bist_du_bei_mir.mp3?_=20\" \/><a href=\"https:\/\/parroquiadesantabarbara.com\/musica\/ofertorio\/bach_bist_du_bei_mir.mp3\">https:\/\/parroquiadesantabarbara.com\/musica\/ofertorio\/bach_bist_du_bei_mir.mp3<\/a><\/audio>\n<p>&nbsp;<\/p>\n<\/li>\n<li>\n<p>How beautiful are the feet. Aria de \u00abEl Mes\u00edas\u00bb -aendel<\/p>\n<audio class=\"wp-audio-shortcode\" id=\"audio-241-21\" preload=\"none\" style=\"width: 100%;\" controls=\"controls\"><source type=\"audio\/mpeg\" src=\"https:\/\/parroquiadesantabarbara.com\/musica\/ofertorio\/messiah-38.mp3?_=21\" \/><a href=\"https:\/\/parroquiadesantabarbara.com\/musica\/ofertorio\/messiah-38.mp3\">https:\/\/parroquiadesantabarbara.com\/musica\/ofertorio\/messiah-38.mp3<\/a><\/audio>\n<p>&nbsp;<\/p>\n<\/li>\n<li>Canticorum Jubilo de \u00abJudas Macabeo\u00bb &#8211; Haendel\n<audio class=\"wp-audio-shortcode\" id=\"audio-241-22\" preload=\"none\" style=\"width: 100%;\" controls=\"controls\"><source type=\"audio\/mpeg\" src=\"https:\/\/parroquiadesantabarbara.com\/musica\/ofertorio\/Canticorum_Jubilo.mp3?_=22\" \/><a href=\"https:\/\/parroquiadesantabarbara.com\/musica\/ofertorio\/Canticorum_Jubilo.mp3\">https:\/\/parroquiadesantabarbara.com\/musica\/ofertorio\/Canticorum_Jubilo.mp3<\/a><\/audio>\n<p>&nbsp;<\/p>\n<\/li>\n<li>\n<p>Signored delle cime &#8211; An\u00ednimo<\/p>\n<audio class=\"wp-audio-shortcode\" id=\"audio-241-23\" preload=\"none\" style=\"width: 100%;\" controls=\"controls\"><source type=\"audio\/mpeg\" src=\"https:\/\/parroquiadesantabarbara.com\/musica\/ofertorio\/signoredellecime.mp3?_=23\" \/><a href=\"https:\/\/parroquiadesantabarbara.com\/musica\/ofertorio\/signoredellecime.mp3\">https:\/\/parroquiadesantabarbara.com\/musica\/ofertorio\/signoredellecime.mp3<\/a><\/audio>\n<p>&nbsp;<\/p>\n<\/li>\n<\/ol>\n<p>[\/et_pb_accordion_item][et_pb_accordion_item title=\u00bbRito de la paz\u00bb _builder_version=\u00bb4.27.2&#8243; _module_preset=\u00bbdefault\u00bb global_colors_info=\u00bb{}\u00bb open=\u00bboff\u00bb]<\/p>\n<ol>\n<li>Dona Novis\n<audio class=\"wp-audio-shortcode\" id=\"audio-241-24\" preload=\"none\" style=\"width: 100%;\" controls=\"controls\"><source type=\"audio\/mpeg\" src=\"https:\/\/parroquiadesantabarbara.com\/musica\/rito%20de%20la%20paz\/donanobis.mid.mp3?_=24\" \/><a href=\"https:\/\/parroquiadesantabarbara.com\/musica\/rito%20de%20la%20paz\/donanobis.mid.mp3\">https:\/\/parroquiadesantabarbara.com\/musica\/rito%20de%20la%20paz\/donanobis.mid.mp3<\/a><\/audio>\n<p>&nbsp;<\/p>\n<\/li>\n<li>\n<p>Te Deum prelude &#8211; M. A. Charpentier<\/p>\n<audio class=\"wp-audio-shortcode\" id=\"audio-241-25\" preload=\"none\" style=\"width: 100%;\" controls=\"controls\"><source type=\"audio\/mpeg\" src=\"https:\/\/parroquiadesantabarbara.com\/musica\/rito%20de%20la%20paz\/charpentier_te_deum.mid.mp3?_=25\" \/><a href=\"https:\/\/parroquiadesantabarbara.com\/musica\/rito%20de%20la%20paz\/charpentier_te_deum.mid.mp3\">https:\/\/parroquiadesantabarbara.com\/musica\/rito%20de%20la%20paz\/charpentier_te_deum.mid.mp3<\/a><\/audio>\n<p>&nbsp;<\/p>\n<\/li>\n<li>\n<p>Agnus Dei \u00abMisa de coronaci\u00f3n\u00bb &#8211; Mozart<\/p>\n<audio class=\"wp-audio-shortcode\" id=\"audio-241-26\" preload=\"none\" style=\"width: 100%;\" controls=\"controls\"><source type=\"audio\/mpeg\" src=\"https:\/\/parroquiadesantabarbara.com\/musica\/rito%20de%20la%20paz\/Mozart-Coronacion-6.mid.mp3?_=26\" \/><a href=\"https:\/\/parroquiadesantabarbara.com\/musica\/rito%20de%20la%20paz\/Mozart-Coronacion-6.mid.mp3\">https:\/\/parroquiadesantabarbara.com\/musica\/rito%20de%20la%20paz\/Mozart-Coronacion-6.mid.mp3<\/a><\/audio>\n<p>&nbsp;<\/p>\n<\/li>\n<li>\n<p>Oh, escaviatorum &#8211; Haydn<\/p>\n<audio class=\"wp-audio-shortcode\" id=\"audio-241-27\" preload=\"none\" style=\"width: 100%;\" controls=\"controls\"><source type=\"audio\/mpeg\" src=\"https:\/\/parroquiadesantabarbara.com\/musica\/rito%20de%20la%20paz\/O%20ESCA%20VIATORUM.mp3?_=27\" \/><a href=\"https:\/\/parroquiadesantabarbara.com\/musica\/rito%20de%20la%20paz\/O%20ESCA%20VIATORUM.mp3\">https:\/\/parroquiadesantabarbara.com\/musica\/rito%20de%20la%20paz\/O%20ESCA%20VIATORUM.mp3<\/a><\/audio>\n<p>&nbsp;<\/p>\n<p>&nbsp;<\/p>\n<p>&nbsp;<\/p>\n<\/li>\n<\/ol>\n<p>[\/et_pb_accordion_item][et_pb_accordion_item title=\u00bbComuni\u00f3n\u00bb _builder_version=\u00bb4.27.2&#8243; _module_preset=\u00bbdefault\u00bb global_colors_info=\u00bb{}\u00bb open=\u00bboff\u00bb]<\/p>\n<ol>\n<li>\n<p>Panis ang\u00e9licus &#8211; C. Frank<\/p>\n<audio class=\"wp-audio-shortcode\" id=\"audio-241-28\" preload=\"none\" style=\"width: 100%;\" controls=\"controls\"><source type=\"audio\/mpeg\" src=\"https:\/\/parroquiadesantabarbara.com\/musica\/comunion\/panisangelicus.mp3?_=28\" \/><a href=\"https:\/\/parroquiadesantabarbara.com\/musica\/comunion\/panisangelicus.mp3\">https:\/\/parroquiadesantabarbara.com\/musica\/comunion\/panisangelicus.mp3<\/a><\/audio>\n<p>&nbsp;<\/p>\n<\/li>\n<li>\n<p>Ave verum &#8211; Mozart<\/p>\n<audio class=\"wp-audio-shortcode\" id=\"audio-241-29\" preload=\"none\" style=\"width: 100%;\" controls=\"controls\"><source type=\"audio\/mpeg\" src=\"https:\/\/parroquiadesantabarbara.com\/musica\/comunion\/AveVerumStrings.mp3?_=29\" \/><a href=\"https:\/\/parroquiadesantabarbara.com\/musica\/comunion\/AveVerumStrings.mp3\">https:\/\/parroquiadesantabarbara.com\/musica\/comunion\/AveVerumStrings.mp3<\/a><\/audio>\n<p>&nbsp;<\/p>\n<\/li>\n<li>\n<p>Ombra mai fu (largo) &#8211; Haendel<\/p>\n<audio class=\"wp-audio-shortcode\" id=\"audio-241-30\" preload=\"none\" style=\"width: 100%;\" controls=\"controls\"><source type=\"audio\/mpeg\" src=\"https:\/\/parroquiadesantabarbara.com\/musica\/comunion\/ombra%20mai%20fu.mp3?_=30\" \/><a href=\"https:\/\/parroquiadesantabarbara.com\/musica\/comunion\/ombra%20mai%20fu.mp3\">https:\/\/parroquiadesantabarbara.com\/musica\/comunion\/ombra%20mai%20fu.mp3<\/a><\/audio>\n<p>&nbsp;<\/p>\n<\/li>\n<li>\n<p>Oh salutaris &#8211; Beethoven<\/p>\n<audio class=\"wp-audio-shortcode\" id=\"audio-241-31\" preload=\"none\" style=\"width: 100%;\" controls=\"controls\"><source type=\"audio\/mpeg\" src=\"https:\/\/parroquiadesantabarbara.com\/musica\/comunion\/osalutaris.mp3?_=31\" \/><a href=\"https:\/\/parroquiadesantabarbara.com\/musica\/comunion\/osalutaris.mp3\">https:\/\/parroquiadesantabarbara.com\/musica\/comunion\/osalutaris.mp3<\/a><\/audio>\n<p>&nbsp;<\/p>\n<\/li>\n<li>\n<p>Canon &#8211; Pachelbel<\/p>\n<audio class=\"wp-audio-shortcode\" id=\"audio-241-32\" preload=\"none\" style=\"width: 100%;\" controls=\"controls\"><source type=\"audio\/midi\" src=\"https:\/\/parroquiadesantabarbara.com\/wp-content\/uploads\/2024\/09\/watermusic.mid?_=32\" \/><source type=\"\" src=\"https:\/\/parroquiadesantabarbara.com\/musica\/comunion\/canonpachebel.mp?_=32\" \/><a href=\"https:\/\/parroquiadesantabarbara.com\/wp-content\/uploads\/2024\/09\/watermusic.mid\">https:\/\/parroquiadesantabarbara.com\/wp-content\/uploads\/2024\/09\/watermusic.mid<\/a><\/audio>\n<p>&nbsp;<\/p>\n<\/li>\n<li>\n<p>Aria de la Suite en Re &#8211; J. S. Bach<\/p>\n<audio class=\"wp-audio-shortcode\" id=\"audio-241-33\" preload=\"none\" style=\"width: 100%;\" controls=\"controls\"><source type=\"audio\/mpeg\" src=\"https:\/\/parroquiadesantabarbara.com\/musica\/comunion\/AriaBach.mp3?_=33\" \/><a href=\"https:\/\/parroquiadesantabarbara.com\/musica\/comunion\/AriaBach.mp3\">https:\/\/parroquiadesantabarbara.com\/musica\/comunion\/AriaBach.mp3<\/a><\/audio>\n<p>&nbsp;<\/p>\n<\/li>\n<li>\n<p>\u00abJes\u00fas bleibet meine Freude\u00bb Cantata 147 &#8211; J. S. Bach<\/p>\n<audio class=\"wp-audio-shortcode\" id=\"audio-241-34\" preload=\"none\" style=\"width: 100%;\" controls=\"controls\"><source type=\"audio\/mpeg\" src=\"https:\/\/parroquiadesantabarbara.com\/musica\/comunion\/bach_jesu_bleibet.mp3?_=34\" \/><a href=\"https:\/\/parroquiadesantabarbara.com\/musica\/comunion\/bach_jesu_bleibet.mp3\">https:\/\/parroquiadesantabarbara.com\/musica\/comunion\/bach_jesu_bleibet.mp3<\/a><\/audio>\n<p>&nbsp;<\/p>\n<p>&nbsp;<\/p>\n<p>&nbsp;<\/p>\n<\/li>\n<\/ol>\n<p>[\/et_pb_accordion_item][et_pb_accordion_item title=\u00bbAcci\u00f3n de gracias\u00bb _builder_version=\u00bb4.27.2&#8243; _module_preset=\u00bbdefault\u00bb global_colors_info=\u00bb{}\u00bb open=\u00bboff\u00bb]<\/p>\n<ol>\n<li>\n<p>Ave Mar\u00eda &#8211; F. Schubert<\/p>\n<audio class=\"wp-audio-shortcode\" id=\"audio-241-35\" preload=\"none\" style=\"width: 100%;\" controls=\"controls\"><source type=\"audio\/mpeg\" src=\"https:\/\/parroquiadesantabarbara.com\/musica\/accion%20de%20gracias\/ave_mariaschubert.mp3?_=35\" \/><a href=\"https:\/\/parroquiadesantabarbara.com\/musica\/accion%20de%20gracias\/ave_mariaschubert.mp3\">https:\/\/parroquiadesantabarbara.com\/musica\/accion%20de%20gracias\/ave_mariaschubert.mp3<\/a><\/audio>\n<p>&nbsp;<\/p>\n<\/li>\n<li>\n<p>Ave Mar\u00eda &#8211; Gounod<\/p>\n<audio class=\"wp-audio-shortcode\" id=\"audio-241-36\" preload=\"none\" style=\"width: 100%;\" controls=\"controls\"><source type=\"audio\/mpeg\" src=\"https:\/\/parroquiadesantabarbara.com\/musica\/accion%20de%20gracias\/gounodavemaria.mp3?_=36\" \/><a href=\"https:\/\/parroquiadesantabarbara.com\/musica\/accion%20de%20gracias\/gounodavemaria.mp3\">https:\/\/parroquiadesantabarbara.com\/musica\/accion%20de%20gracias\/gounodavemaria.mp3<\/a><\/audio>\n<p>&nbsp;<\/p>\n<\/li>\n<li>\n<p>Ave Mar\u00eda &#8211; Arcadelt<\/p>\n<audio class=\"wp-audio-shortcode\" id=\"audio-241-37\" preload=\"none\" style=\"width: 100%;\" controls=\"controls\"><source type=\"audio\/mpeg\" src=\"https:\/\/parroquiadesantabarbara.com\/musica\/accion%20de%20gracias\/AveMariaArcadelt.mp3?_=37\" \/><a href=\"https:\/\/parroquiadesantabarbara.com\/musica\/accion%20de%20gracias\/AveMariaArcadelt.mp3\">https:\/\/parroquiadesantabarbara.com\/musica\/accion%20de%20gracias\/AveMariaArcadelt.mp3<\/a><\/audio>\n<\/li>\n<li>\n<p>Himno de la Virgen del Pilar<\/p>\n<audio class=\"wp-audio-shortcode\" id=\"audio-241-38\" preload=\"none\" style=\"width: 100%;\" controls=\"controls\"><source type=\"audio\/mpeg\" src=\"https:\/\/parroquiadesantabarbara.com\/musica\/accion%20de%20gracias\/virgenpilar.mp3?_=38\" \/><a href=\"https:\/\/parroquiadesantabarbara.com\/musica\/accion%20de%20gracias\/virgenpilar.mp3\">https:\/\/parroquiadesantabarbara.com\/musica\/accion%20de%20gracias\/virgenpilar.mp3<\/a><\/audio>\n<\/li>\n<\/ol>\n<p>[\/et_pb_accordion_item][et_pb_accordion_item title=\u00bbFirma de testigos\u00bb _builder_version=\u00bb4.27.2&#8243; _module_preset=\u00bbdefault\u00bb global_colors_info=\u00bb{}\u00bb open=\u00bboff\u00bb]<\/p>\n<ol>\n<li>\n<p>C\u00e1non in ReM &#8211; Pachelbel<\/p>\n<audio class=\"wp-audio-shortcode\" id=\"audio-241-39\" preload=\"none\" style=\"width: 100%;\" controls=\"controls\"><source type=\"audio\/mpeg\" src=\"https:\/\/parroquiadesantabarbara.com\/musica\/firma%20testigos\/canonpachebel.mp3?_=39\" \/><a href=\"https:\/\/parroquiadesantabarbara.com\/musica\/firma%20testigos\/canonpachebel.mp3\">https:\/\/parroquiadesantabarbara.com\/musica\/firma%20testigos\/canonpachebel.mp3<\/a><\/audio>\n<p>&nbsp;<\/p>\n<\/li>\n<li>\n<p>\u00abJes\u00fas bleibet meine Freude\u00bb Cantata 147 &#8211; J. S. Bach<\/p>\n<audio class=\"wp-audio-shortcode\" id=\"audio-241-40\" preload=\"none\" style=\"width: 100%;\" controls=\"controls\"><source type=\"audio\/mpeg\" src=\"https:\/\/parroquiadesantabarbara.com\/musica\/firma%20testigos\/bach_jesu_bleibet.mp3?_=40\" \/><a href=\"https:\/\/parroquiadesantabarbara.com\/musica\/firma%20testigos\/bach_jesu_bleibet.mp3\">https:\/\/parroquiadesantabarbara.com\/musica\/firma%20testigos\/bach_jesu_bleibet.mp3<\/a><\/audio>\n<p>&nbsp;<\/p>\n<\/li>\n<li>\n<p>\u00abAlleluia\u00bb (El Mes\u00edas) &#8211; Haendel<\/p>\n<audio class=\"wp-audio-shortcode\" id=\"audio-241-41\" preload=\"none\" style=\"width: 100%;\" controls=\"controls\"><source type=\"audio\/mpeg\" src=\"https:\/\/parroquiadesantabarbara.com\/musica\/firma%20testigos\/el_mesias_aleluya.mp3?_=41\" \/><a href=\"https:\/\/parroquiadesantabarbara.com\/musica\/firma%20testigos\/el_mesias_aleluya.mp3\">https:\/\/parroquiadesantabarbara.com\/musica\/firma%20testigos\/el_mesias_aleluya.mp3<\/a><\/audio>\n<p>&nbsp;<\/p>\n<\/li>\n<li>\n<p>Aria de la Suite en Re &#8211; J. S. Bach<\/p>\n<audio class=\"wp-audio-shortcode\" id=\"audio-241-42\" preload=\"none\" style=\"width: 100%;\" controls=\"controls\"><source type=\"audio\/mpeg\" src=\"https:\/\/parroquiadesantabarbara.com\/musica\/firma%20testigos\/AriaBach.mp3?_=42\" \/><a href=\"https:\/\/parroquiadesantabarbara.com\/musica\/firma%20testigos\/AriaBach.mp3\">https:\/\/parroquiadesantabarbara.com\/musica\/firma%20testigos\/AriaBach.mp3<\/a><\/audio>\n<p>&nbsp;<\/p>\n<\/li>\n<li>\n<p>Las cuatro estaciones (selecci\u00f3n) &#8211; Vivaldi<\/p>\n<audio class=\"wp-audio-shortcode\" id=\"audio-241-43\" preload=\"none\" style=\"width: 100%;\" controls=\"controls\"><source type=\"audio\/mpeg\" src=\"https:\/\/parroquiadesantabarbara.com\/musica\/firma%20testigos\/Primavera.mp3?_=43\" \/><a href=\"https:\/\/parroquiadesantabarbara.com\/musica\/firma%20testigos\/Primavera.mp3\">https:\/\/parroquiadesantabarbara.com\/musica\/firma%20testigos\/Primavera.mp3<\/a><\/audio>\n<p>&nbsp;<\/p>\n<\/li>\n<li>\n<p>Tollite Hostias &#8211; S. Saens<\/p>\n<audio class=\"wp-audio-shortcode\" id=\"audio-241-44\" preload=\"none\" style=\"width: 100%;\" controls=\"controls\"><source type=\"audio\/mpeg\" src=\"https:\/\/parroquiadesantabarbara.com\/musica\/firma%20testigos\/tollitehostias.mp3?_=44\" \/><a href=\"https:\/\/parroquiadesantabarbara.com\/musica\/firma%20testigos\/tollitehostias.mp3\">https:\/\/parroquiadesantabarbara.com\/musica\/firma%20testigos\/tollitehostias.mp3<\/a><\/audio>\n<p>&nbsp;<\/p>\n<p>&nbsp;<\/p>\n<\/li>\n<\/ol>\n<p>[\/et_pb_accordion_item][et_pb_accordion_item title=\u00bbSalida\u00bb _builder_version=\u00bb4.27.2&#8243; _module_preset=\u00bbdefault\u00bb global_colors_info=\u00bb{}\u00bb open=\u00bboff\u00bb]<\/p>\n<ol>\n<li>\n<p>Alleluia\u00bb (El Mes\u00edas) &#8211; Haendel<\/p>\n<audio class=\"wp-audio-shortcode\" id=\"audio-241-45\" preload=\"none\" style=\"width: 100%;\" controls=\"controls\"><source type=\"audio\/mpeg\" src=\"https:\/\/parroquiadesantabarbara.com\/musica\/salida\/el_mesias_aleluya.mid.mp3?_=45\" \/><a href=\"https:\/\/parroquiadesantabarbara.com\/musica\/salida\/el_mesias_aleluya.mid.mp3\">https:\/\/parroquiadesantabarbara.com\/musica\/salida\/el_mesias_aleluya.mid.mp3<\/a><\/audio>\n<\/li>\n<li>\n<p>Marcha nupcial &#8211; Mendelssohn<\/p>\n<audio class=\"wp-audio-shortcode\" id=\"audio-241-46\" preload=\"none\" style=\"width: 100%;\" controls=\"controls\"><source type=\"audio\/mpeg\" src=\"https:\/\/parroquiadesantabarbara.com\/musica\/salida\/mendelson_marcha_nupcial.mid.mp3?_=46\" \/><a href=\"https:\/\/parroquiadesantabarbara.com\/musica\/salida\/mendelson_marcha_nupcial.mid.mp3\">https:\/\/parroquiadesantabarbara.com\/musica\/salida\/mendelson_marcha_nupcial.mid.mp3<\/a><\/audio>\n<p>&nbsp;<\/p>\n<\/li>\n<li>\n<p>Marcha nupcial de \u00abLohengrin\u00bb &#8211; Wagner<\/p>\n<audio class=\"wp-audio-shortcode\" id=\"audio-241-47\" preload=\"none\" style=\"width: 100%;\" controls=\"controls\"><source type=\"audio\/mpeg\" src=\"https:\/\/parroquiadesantabarbara.com\/musica\/salida\/lohengrin_marcha_nupcial.mid.mp3?_=47\" \/><a href=\"https:\/\/parroquiadesantabarbara.com\/musica\/salida\/lohengrin_marcha_nupcial.mid.mp3\">https:\/\/parroquiadesantabarbara.com\/musica\/salida\/lohengrin_marcha_nupcial.mid.mp3<\/a><\/audio>\n<\/li>\n<li>\n<p>Marcha de la \u00f3pera \u00abAida\u00bb &#8211; Verdi<\/p>\n<audio class=\"wp-audio-shortcode\" id=\"audio-241-48\" preload=\"none\" style=\"width: 100%;\" controls=\"controls\"><source type=\"audio\/mpeg\" src=\"https:\/\/parroquiadesantabarbara.com\/musica\/salida\/MarchaAida.mid.mp3?_=48\" \/><a href=\"https:\/\/parroquiadesantabarbara.com\/musica\/salida\/MarchaAida.mid.mp3\">https:\/\/parroquiadesantabarbara.com\/musica\/salida\/MarchaAida.mid.mp3<\/a><\/audio>\n<\/li>\n<li>\n<p>Gloria \u00abMisa de Coronaci\u00f3n\u00bb &#8211; Mozart<\/p>\n<audio class=\"wp-audio-shortcode\" id=\"audio-241-49\" preload=\"none\" style=\"width: 100%;\" controls=\"controls\"><source type=\"audio\/mpeg\" src=\"https:\/\/parroquiadesantabarbara.com\/musica\/salida\/Mozart-Coronacion-2.mid.mp3?_=49\" \/><a href=\"https:\/\/parroquiadesantabarbara.com\/musica\/salida\/Mozart-Coronacion-2.mid.mp3\">https:\/\/parroquiadesantabarbara.com\/musica\/salida\/Mozart-Coronacion-2.mid.mp3<\/a><\/audio>\n<p align=\"justify\">\n<\/li>\n<\/ol>\n<p>[\/et_pb_accordion_item][\/et_pb_accordion][\/et_pb_column][\/et_pb_row][\/et_pb_section]<\/p>\n","protected":false},"excerpt":{"rendered":"<p>AVISO IMPORTANTE:\u00a0Los fragmentos de las composiciones musicales aqu\u00ed ofrecidos son s\u00f3lo de car\u00e1cter orientativo y para facilitar la elecci\u00f3n de las piezas por los novios, ya que en su mayor\u00eda, son versiones no interpretadas al \u00f3rgano, instrumento con el cual se interpretar\u00e1n el d\u00eda de la celebraci\u00f3n. WaterMusic Canon in D &#8211; Pachelbel El Coro [&hellip;]<\/p>\n","protected":false},"author":1,"featured_media":0,"parent":0,"menu_order":0,"comment_status":"closed","ping_status":"closed","template":"","meta":{"_et_pb_use_builder":"on","_et_pb_old_content":"<table id=\"table1\" border=\"0\" width=\"90%\" cellspacing=\"3\" cellpadding=\"2\">\r\n<tbody>\r\n<tr>\r\n<td width=\"372\"><b>Entrada Novio<\/b><\/td>\r\n<td><b>Rito de la paz<\/b><\/td>\r\n<\/tr>\r\n<tr>\r\n<td width=\"372\"><a href=\"musica\/entrada%20novio\/watermusic.mid\">1. \/audio\r\nWater Music - Haendel\u00a0<\/a><\/td>\r\n<td><a href=\"musica\/rito%20de%20la%20paz\/donanobis.mid\">\r\n25. Dona nobis (c?non) - Mozart<\/a><\/td>\r\n<\/tr>\r\n<tr>\r\n<td width=\"372\"><a href=\"musica\/entrada%20novio\/cannon_d.mid\">2.\r\nCanon in D - Pachelbel<\/a><\/td>\r\n<td><a href=\"musica\/rito%20de%20la%20paz\/charpentier_te_deum.mid\">\r\n26. Te Deum prelude - M. A. Charpentier<\/a><\/td>\r\n<\/tr>\r\n<tr>\r\n<td width=\"372\"><a href=\"musica\/entrada%20novio\/der%20winter.mid\">3.\r\nConcierto n? 4 en Fa m (Der Winter) - Vivaldi<\/a><\/td>\r\n<td><a href=\"musica\/rito%20de%20la%20paz\/Mozart-Coronacion-6.mid\">\r\n27. Agnus Dei \"Misa de coronaci?n\" - Mozart<\/a><\/td>\r\n<\/tr>\r\n<tr>\r\n<td width=\"372\"><a href=\"musica\/entrada%20novio\/coropergr.mid\">4. El\r\nCoro de los peregrinos (Tanhauser) - Wagner<\/a><\/td>\r\n<td><a href=\"musica\/rito%20de%20la%20paz\/o_esca_viatorum_todos.mid\">\r\n28. Oh, escaviatorum - Haydn<\/a><\/td>\r\n<\/tr>\r\n<tr>\r\n<td width=\"372\"><a href=\"musica\/entrada%20novio\/principedinamarca.mid\">\r\n5. Marcha del Pr?ncipe de Dinamarca - J. Clark<\/a><\/td>\r\n<td><b>Comuni?n<\/b><\/td>\r\n<\/tr>\r\n<tr>\r\n<td width=\"372\"><b>Entrada Novia<\/b><\/td>\r\n<td><a href=\"musica\/comunion\/panisangelicus.mid\">29.\r\nPanis ang?licus - C. Frank<\/a><\/td>\r\n<\/tr>\r\n<tr>\r\n<td width=\"372\"><a href=\"musica\/entrada%20novia\/mendelson_marcha_nupcial.mid\">\r\n6. Marcha nupcial - Mendelssohn<\/a><\/td>\r\n<td><a href=\"musica\/comunion\/AveVerumStrings.mid\">30.\r\nAve verum - Mozart<\/a><\/td>\r\n<\/tr>\r\n<tr>\r\n<td width=\"372\"><a href=\"musica\/entrada%20novia\/lohengrin_marcha_nupcial.mid\">\r\n7. Marcha nupcial de \"Lohengrin\" - Wagner<\/a><\/td>\r\n<td><a href=\"musica\/comunion\/ombra%20mai%20fu.mid\">31.\r\nOmbra mai fu (largo) - Haendel<\/a><\/td>\r\n<\/tr>\r\n<tr>\r\n<td width=\"372\"><a href=\"musica\/entrada%20novia\/pompa-y-circunstancia-3.mid\">\r\n8. Marcha n? 1 \"Pompa y circunstancia\" - Elgar<\/a><\/td>\r\n<td><a href=\"musica\/comunion\/osalutaris.mid\">32. Oh\r\nsalutaris - Beethoven<\/a><\/td>\r\n<\/tr>\r\n<tr>\r\n<td width=\"372\"><a href=\"musica\/entrada%20novia\/cantata%20147.mid\">\r\n9. \"Jes?s bleibet meine Freude\" Cantata 147 - J. S.\r\nBach<\/a><\/td>\r\n<td><a href=\"musica\/comunion\/canonpachebel.mid\">33.\r\nC?non - Pachelbel<\/a><\/td>\r\n<\/tr>\r\n<tr>\r\n<td width=\"372\"><a href=\"musica\/entrada%20novio\/principedinamarca.mid\">\r\n10. Marcha del Pr?ncipe de Dinamarca - J. Clark<\/a><\/td>\r\n<td><a href=\"musica\/comunion\/AriaBach.mid\">34. Aria\r\nde la Suite en Re - J. S. Bach<\/a><\/td>\r\n<\/tr>\r\n<tr>\r\n<td width=\"372\"><b>Aleluya<\/b><\/td>\r\n<td><a href=\"musica\/comunion\/bach_jesu_bleibet.mid\">\r\n35. \"Jes?s bleibet meine Freude\" Cantata 147 - J. S.\r\nBach<\/a><\/td>\r\n<\/tr>\r\n<tr>\r\n<td width=\"372\"><a href=\"musica\/aleluya\/laudate.mid\">11. Laudate -\r\nHaendel<\/a><\/td>\r\n<td><b>Acci?n de gracias<\/b><\/td>\r\n<\/tr>\r\n<tr>\r\n<td width=\"372\"><a href=\"musica\/aleluya\/AleluyaMozart.mid\">12.\r\nAlleluya (del motete Exultate Jubilate) - Mozart<\/a><\/td>\r\n<td><a href=\"musica\/accion%20de%20gracias\/ave_mariaschubert.mid\">\r\n36. Ave Mar?a - F. Schubert<\/a><\/td>\r\n<\/tr>\r\n<tr>\r\n<td width=\"372\"><a href=\"musica\/aleluya\/benvobis.mid\">13. Benedicat\r\nVobis - Haendel<\/a><\/td>\r\n<td><a href=\"musica\/accion%20de%20gracias\/gounodavemaria.mid\">\r\n37. Ave Mar?a - Gounod<\/a><\/td>\r\n<\/tr>\r\n<tr>\r\n<td width=\"372\">14. Aleluya irland?s<\/td>\r\n<td><a href=\"musica\/accion%20de%20gracias\/AveMariaArcadelt.mid\">\r\n38. Ave Mar?a - Arcadelt<\/a><\/td>\r\n<\/tr>\r\n<tr>\r\n<td width=\"372\"><b>Consentimiento<\/b><\/td>\r\n<td><a href=\"musica\/accion%20de%20gracias\/virgenpilar.mid\">39. Himno de la Virgen del Pilar<\/a><\/td>\r\n<\/tr>\r\n<tr>\r\n<td width=\"372\"><a href=\"musica\/consentimiento\/adagio.mid\">15.\r\nAdagio - Albinoni<\/a><\/td>\r\n<td><b>Firma de testigos<\/b><\/td>\r\n<\/tr>\r\n<tr>\r\n<td width=\"372\"><a href=\"musica\/consentimiento\/pasion_segun_san_mateo.mid\">\r\n16. Coral p. seg?n S. Mateo - J. S. Bach<\/a><\/td>\r\n<td><a href=\"musica\/firma%20testigos\/canonpachebel.mid\">\r\n40. C?non in ReM - Pachelbel<\/a><\/td>\r\n<\/tr>\r\n<tr>\r\n<td width=\"372\"><a href=\"musica\/consentimiento\/OCELLS.mid\">17. Cant\r\ndells Ocells - J. Verdaguer<\/a><\/td>\r\n<td><a href=\"musica\/firma%20testigos\/bach_jesu_bleibet.mid\">\r\n41. \"Jes?s bleibet meine Freude\" Cantata 147 - J. S.\r\nBach<\/a><\/td>\r\n<\/tr>\r\n<tr>\r\n<td width=\"372\"><a href=\"musica\/consentimiento\/Bach%20227.mid\">18.\r\nCoral BWV 227 - J. S. Bach<\/a><\/td>\r\n<td><a href=\"musica\/firma%20testigos\/el_mesias_aleluya.mid\">\r\n42. \"Alleluia\" (El Mes?as) - Haendel<\/a><\/td>\r\n<\/tr>\r\n<tr>\r\n<td width=\"372\"><a href=\"musica\/consentimiento\/aria%20de%20la%20suite-Bach.mid\">\r\n19. Aria de la Suite en Re - J. S. Bach<\/a><\/td>\r\n<td><a href=\"musica\/firma%20testigos\/AriaBach.mid\">\r\n43. Aria de la Suite en Re - J. S. Bach<\/a><\/td>\r\n<\/tr>\r\n<tr>\r\n<td width=\"372\"><b>Ofertorio<\/b><\/td>\r\n<td><a href=\"musica\/firma%20testigos\/Primavera.mid\">\r\n44. Las cuatro estaciones (selecci?n) - Vivaldi<\/a><\/td>\r\n<\/tr>\r\n<tr>\r\n<td width=\"372\"><a href=\"musica\/ofertorio\/lascia.mid\">20. Lascia\r\nchio pianga \"Rinaldo\" - Haendel<\/a><\/td>\r\n<td><a href=\"musica\/firma%20testigos\/tollitehostias.mid\">\r\n45. Tollite Hostias - S. Saens<\/a><\/td>\r\n<\/tr>\r\n<tr>\r\n<td width=\"372\"><a href=\"musica\/ofertorio\/bach_bist_du_bei_mir.mid\">\r\n21. Bist du bei mir - J. S. Bach<\/a><\/td>\r\n<td><b>Salida<\/b><\/td>\r\n<\/tr>\r\n<tr>\r\n<td width=\"372\"><a href=\"musica\/ofertorio\/messiah-38.mid\">22. How\r\nbeautiful are the feet. Aria de \"El Mes?as\" -\r\nHaendel<\/a><\/td>\r\n<td><a href=\"musica\/salida\/el_mesias_aleluya.mid\">\r\n46. \"Alleluia\" (El Mes?as) - Haendel<\/a><\/td>\r\n<\/tr>\r\n<tr>\r\n<td width=\"372\"><a href=\"musica\/ofertorio\/Canticorum_Jubilo.mid\">23.\r\nCanticorum Jubilo de \"Judas Macabeo\" - Haendel<\/a><\/td>\r\n<td><a href=\"musica\/salida\/mendelson_marcha_nupcial.mid\">\r\n47. Marcha nupcial - Mendelssohn<\/a><\/td>\r\n<\/tr>\r\n<tr>\r\n<td width=\"372\"><a href=\"musica\/ofertorio\/signoredellecime.mid\">24.\r\nSignored delle cime - An?nimo<\/a><\/td>\r\n<td><a href=\"musica\/salida\/lohengrin_marcha_nupcial.mid\">\r\n48. Marcha nupcial de \"Lohengrin\" - Wagner<\/a><\/td>\r\n<\/tr>\r\n<tr>\r\n<td width=\"372\"><\/td>\r\n<td><a href=\"musica\/salida\/MarchaAida.mid\">49.\r\nMarcha de la ?pera \"Aida\" - Verdi<\/a><\/td>\r\n<\/tr>\r\n<tr>\r\n<td width=\"372\"><\/td>\r\n<td><a href=\"musica\/salida\/Mozart-Coronacion-2.mid\">\r\n50. Gloria \"Misa de Coronaci?n\" - Mozart<\/a><\/td>\r\n<\/tr>\r\n<tr>\r\n<td colspan=\"2\">\r\n<p align=\"justify\"><span style=\"color: #ff0000;\"><b>AVISO IMPORTANTE<\/b><\/span>:<span style=\"color: #ff0000;\">\r\nLos fragmentos de las composiciones musicales aqu?\r\nofrecidos son s?lo de car?cter orientativo y para\r\nfacilitar la elecci?n de las piezas por los novios,\r\nya que en su mayor?a, son versiones no interpretadas\r\nal ?rgano, instrumento con el cual se interpretar?n\r\nel d?a de la celebraci?n.<\/span><\/p>\r\n<\/td>\r\n<\/tr>\r\n<\/tbody>\r\n<\/table>\r\n\u00a0","_et_gb_content_width":"","footnotes":""},"class_list":["post-241","page","type-page","status-publish","hentry"],"yoast_head":"<!-- This site is optimized with the Yoast SEO plugin v26.1.1 - https:\/\/yoast.com\/wordpress\/plugins\/seo\/ -->\n<title>Repertorio de m\u00fasica para la boda - Parroquia de Santa B\u00e1rbara<\/title>\n<meta name=\"robots\" content=\"index, follow, max-snippet:-1, max-image-preview:large, max-video-preview:-1\" \/>\n<link rel=\"canonical\" href=\"https:\/\/parroquiadesantabarbara.com\/?page_id=241\" \/>\n<meta property=\"og:locale\" content=\"es_ES\" \/>\n<meta property=\"og:type\" content=\"article\" \/>\n<meta property=\"og:title\" content=\"Repertorio de m\u00fasica para la boda - Parroquia de Santa B\u00e1rbara\" \/>\n<meta property=\"og:description\" content=\"AVISO IMPORTANTE:\u00a0Los fragmentos de las composiciones musicales aqu\u00ed ofrecidos son s\u00f3lo de car\u00e1cter orientativo y para facilitar la elecci\u00f3n de las piezas por los novios, ya que en su mayor\u00eda, son versiones no interpretadas al \u00f3rgano, instrumento con el cual se interpretar\u00e1n el d\u00eda de la celebraci\u00f3n. WaterMusic Canon in D - Pachelbel El Coro [&hellip;]\" \/>\n<meta property=\"og:url\" content=\"https:\/\/parroquiadesantabarbara.com\/?page_id=241\" \/>\n<meta property=\"og:site_name\" content=\"Parroquia de Santa B\u00e1rbara\" \/>\n<meta property=\"article:modified_time\" content=\"2024-11-15T20:32:14+00:00\" \/>\n<meta name=\"twitter:card\" content=\"summary_large_image\" \/>\n<meta name=\"twitter:label1\" content=\"Tiempo de lectura\" \/>\n\t<meta name=\"twitter:data1\" content=\"2 minutos\" \/>\n<script type=\"application\/ld+json\" class=\"yoast-schema-graph\">{\"@context\":\"https:\/\/schema.org\",\"@graph\":[{\"@type\":\"WebPage\",\"@id\":\"https:\/\/parroquiadesantabarbara.com\/?page_id=241\",\"url\":\"https:\/\/parroquiadesantabarbara.com\/?page_id=241\",\"name\":\"Repertorio de m\u00fasica para la boda - Parroquia de Santa B\u00e1rbara\",\"isPartOf\":{\"@id\":\"https:\/\/parroquiadesantabarbara.com\/#website\"},\"datePublished\":\"2024-09-08T20:12:57+00:00\",\"dateModified\":\"2024-11-15T20:32:14+00:00\",\"breadcrumb\":{\"@id\":\"https:\/\/parroquiadesantabarbara.com\/?page_id=241#breadcrumb\"},\"inLanguage\":\"es\",\"potentialAction\":[{\"@type\":\"ReadAction\",\"target\":[\"https:\/\/parroquiadesantabarbara.com\/?page_id=241\"]}]},{\"@type\":\"BreadcrumbList\",\"@id\":\"https:\/\/parroquiadesantabarbara.com\/?page_id=241#breadcrumb\",\"itemListElement\":[{\"@type\":\"ListItem\",\"position\":1,\"name\":\"Portada\",\"item\":\"https:\/\/parroquiadesantabarbara.com\/\"},{\"@type\":\"ListItem\",\"position\":2,\"name\":\"Repertorio de m\u00fasica para la boda\"}]},{\"@type\":\"WebSite\",\"@id\":\"https:\/\/parroquiadesantabarbara.com\/#website\",\"url\":\"https:\/\/parroquiadesantabarbara.com\/\",\"name\":\"Parroquia de Santa B\u00e1rbara\",\"description\":\"\",\"potentialAction\":[{\"@type\":\"SearchAction\",\"target\":{\"@type\":\"EntryPoint\",\"urlTemplate\":\"https:\/\/parroquiadesantabarbara.com\/?s={search_term_string}\"},\"query-input\":{\"@type\":\"PropertyValueSpecification\",\"valueRequired\":true,\"valueName\":\"search_term_string\"}}],\"inLanguage\":\"es\"}]}<\/script>\n<!-- \/ Yoast SEO plugin. -->","yoast_head_json":{"title":"Repertorio de m\u00fasica para la boda - Parroquia de Santa B\u00e1rbara","robots":{"index":"index","follow":"follow","max-snippet":"max-snippet:-1","max-image-preview":"max-image-preview:large","max-video-preview":"max-video-preview:-1"},"canonical":"https:\/\/parroquiadesantabarbara.com\/?page_id=241","og_locale":"es_ES","og_type":"article","og_title":"Repertorio de m\u00fasica para la boda - Parroquia de Santa B\u00e1rbara","og_description":"AVISO IMPORTANTE:\u00a0Los fragmentos de las composiciones musicales aqu\u00ed ofrecidos son s\u00f3lo de car\u00e1cter orientativo y para facilitar la elecci\u00f3n de las piezas por los novios, ya que en su mayor\u00eda, son versiones no interpretadas al \u00f3rgano, instrumento con el cual se interpretar\u00e1n el d\u00eda de la celebraci\u00f3n. WaterMusic Canon in D - Pachelbel El Coro [&hellip;]","og_url":"https:\/\/parroquiadesantabarbara.com\/?page_id=241","og_site_name":"Parroquia de Santa B\u00e1rbara","article_modified_time":"2024-11-15T20:32:14+00:00","twitter_card":"summary_large_image","twitter_misc":{"Tiempo de lectura":"2 minutos"},"schema":{"@context":"https:\/\/schema.org","@graph":[{"@type":"WebPage","@id":"https:\/\/parroquiadesantabarbara.com\/?page_id=241","url":"https:\/\/parroquiadesantabarbara.com\/?page_id=241","name":"Repertorio de m\u00fasica para la boda - Parroquia de Santa B\u00e1rbara","isPartOf":{"@id":"https:\/\/parroquiadesantabarbara.com\/#website"},"datePublished":"2024-09-08T20:12:57+00:00","dateModified":"2024-11-15T20:32:14+00:00","breadcrumb":{"@id":"https:\/\/parroquiadesantabarbara.com\/?page_id=241#breadcrumb"},"inLanguage":"es","potentialAction":[{"@type":"ReadAction","target":["https:\/\/parroquiadesantabarbara.com\/?page_id=241"]}]},{"@type":"BreadcrumbList","@id":"https:\/\/parroquiadesantabarbara.com\/?page_id=241#breadcrumb","itemListElement":[{"@type":"ListItem","position":1,"name":"Portada","item":"https:\/\/parroquiadesantabarbara.com\/"},{"@type":"ListItem","position":2,"name":"Repertorio de m\u00fasica para la boda"}]},{"@type":"WebSite","@id":"https:\/\/parroquiadesantabarbara.com\/#website","url":"https:\/\/parroquiadesantabarbara.com\/","name":"Parroquia de Santa B\u00e1rbara","description":"","potentialAction":[{"@type":"SearchAction","target":{"@type":"EntryPoint","urlTemplate":"https:\/\/parroquiadesantabarbara.com\/?s={search_term_string}"},"query-input":{"@type":"PropertyValueSpecification","valueRequired":true,"valueName":"search_term_string"}}],"inLanguage":"es"}]}},"_links":{"self":[{"href":"https:\/\/parroquiadesantabarbara.com\/index.php?rest_route=\/wp\/v2\/pages\/241","targetHints":{"allow":["GET"]}}],"collection":[{"href":"https:\/\/parroquiadesantabarbara.com\/index.php?rest_route=\/wp\/v2\/pages"}],"about":[{"href":"https:\/\/parroquiadesantabarbara.com\/index.php?rest_route=\/wp\/v2\/types\/page"}],"author":[{"embeddable":true,"href":"https:\/\/parroquiadesantabarbara.com\/index.php?rest_route=\/wp\/v2\/users\/1"}],"replies":[{"embeddable":true,"href":"https:\/\/parroquiadesantabarbara.com\/index.php?rest_route=%2Fwp%2Fv2%2Fcomments&post=241"}],"version-history":[{"count":39,"href":"https:\/\/parroquiadesantabarbara.com\/index.php?rest_route=\/wp\/v2\/pages\/241\/revisions"}],"predecessor-version":[{"id":334,"href":"https:\/\/parroquiadesantabarbara.com\/index.php?rest_route=\/wp\/v2\/pages\/241\/revisions\/334"}],"wp:attachment":[{"href":"https:\/\/parroquiadesantabarbara.com\/index.php?rest_route=%2Fwp%2Fv2%2Fmedia&parent=241"}],"curies":[{"name":"wp","href":"https:\/\/api.w.org\/{rel}","templated":true}]}}